{"id":21,"date":"2016-02-12T08:10:47","date_gmt":"2016-02-12T08:10:47","guid":{"rendered":"http:\/\/demos.famethemes.com\/onepress\/?page_id=21"},"modified":"2020-03-06T10:52:39","modified_gmt":"2020-03-06T09:52:39","slug":"equipe","status":"publish","type":"page","link":"https:\/\/sorienterensemble.fr\/index.php\/equipe\/","title":{"rendered":"Notre \u00e9quipe"},"content":{"rendered":"<figure id=\"attachment_1405\" aria-describedby=\"caption-attachment-1405\" style=\"width: 250px\" class=\"wp-caption alignleft\"><img loading=\"lazy\" class=\" wp-image-1405\" src=\"https:\/\/sorienterensemble.fr\/wp-content\/uploads\/2018\/07\/photo-pierre-souli\u00e9--300x283.jpg\" alt=\"Photo Pierre SOULIE Fondateur S'orienter Ensemble\" width=\"250\" height=\"235\" srcset=\"https:\/\/sorienterensemble.fr\/wp-content\/uploads\/2018\/07\/photo-pierre-souli\u00e9--300x283.jpg 300w, https:\/\/sorienterensemble.fr\/wp-content\/uploads\/2018\/07\/photo-pierre-souli\u00e9-.jpg 323w\" sizes=\"(max-width: 250px) 100vw, 250px\" \/><figcaption id=\"caption-attachment-1405\" class=\"wp-caption-text\">Pierre Souli\u00e9 &#8211; Fondateur S&rsquo;orienter Ensemble<\/figcaption><\/figure>\n<p style=\"text-align: justify;\">Dipl\u00f4m\u00e9 d\u2019\u00e9cole de commerce en Marketing, <strong>Pierre Souli\u00e9<\/strong> a occup\u00e9 divers postes en entreprise (responsable marketing direct, responsable web marketing, consultant web marketing). Son envie de d\u00e9couvrir de nouvelles possibilit\u00e9s et de se rendre utile \u00e0 la soci\u00e9t\u00e9 a r\u00e9orient\u00e9 sa trajectoire professionnelle dans le secteur associatif. Il a ainsi travaill\u00e9 pour \u00ab Junior Achievement \u00bb en Indon\u00e9sie, \u00ab Entreprendre Pour Apprendre \u00bb en France et cr\u00e9\u00e9 tous les programmes de l&rsquo;association \u00ab Cr\u00e9e ton Avenir\u00a0 \u00bb jusqu&rsquo;en 2017.<\/p>\n<p style=\"text-align: justify;\">Avec plus d&rsquo;une trentaine de programmes cr\u00e9\u00e9s sur l&rsquo;entrepreneuriat et la d\u00e9couverte du monde professionnel et des milliers de jeunes rencontr\u00e9s, Pierre Souli\u00e9 s&rsquo;est rendu compte<strong> des probl\u00e8mes d&rsquo;orientation v\u00e9cus au quotidien<\/strong> par les jeunes et de leur difficult\u00e9 \u00e0 se projeter dans leur avenir professionnel. Il est \u00e9galement convaincu qu&rsquo;aider les jeunes dans ce domaine passe par approfondir leurs connaissances du monde professionnel, des fili\u00e8res, des formations et d&rsquo;eux-m\u00eames.<\/p>\n<p style=\"text-align: justify;\">C&rsquo;est pour cette raison qu&rsquo;il a d\u00e9cid\u00e9 de <strong>fonder l&rsquo;association \u00ab\u00a0S&rsquo;orienter Ensemble\u00a0\u00bb <\/strong>et d&rsquo;enti\u00e8rement s&rsquo;y consacrer. <strong>Cette structure a pour vocation d&rsquo;aider les jeunes dans la r\u00e9flexion de leur projet d&rsquo;orientation et\/ou professionnel en stimulant leur curiosit\u00e9 <\/strong>\u00e0 travers des exp\u00e9riences simples, ludiques, adapt\u00e9es \u00e0 chaque profil et faciles \u00e0 mettre en place.<\/p>\n<hr \/>\n<figure id=\"attachment_1469\" aria-describedby=\"caption-attachment-1469\" style=\"width: 250px\" class=\"wp-caption alignleft\"><img loading=\"lazy\" class=\" wp-image-1469\" src=\"https:\/\/sorienterensemble.fr\/wp-content\/uploads\/2018\/07\/photo-Aur\u00e9lie-Bui--300x283.jpg\" alt=\"Aur\u00e9lie Bui - volontaire\" width=\"250\" height=\"236\" srcset=\"https:\/\/sorienterensemble.fr\/wp-content\/uploads\/2018\/07\/photo-Aur\u00e9lie-Bui--300x283.jpg 300w, https:\/\/sorienterensemble.fr\/wp-content\/uploads\/2018\/07\/photo-Aur\u00e9lie-Bui-.jpg 323w\" sizes=\"(max-width: 250px) 100vw, 250px\" \/><figcaption id=\"caption-attachment-1469\" class=\"wp-caption-text\">Aur\u00e9lie Bui &#8211; Tr\u00e9sori\u00e8re S&rsquo;orienter Ensemble<\/figcaption><\/figure>\n<p style=\"text-align: justify;\">Professeur d&rsquo;anglais en coll\u00e8ge, <strong>Aur\u00e9lie Bui<\/strong> est confront\u00e9e chaque ann\u00e9e \u00e0 la difficult\u00e9 que rencontrent les jeunes dans leur parcours d&rsquo;orientation. <strong>Toujours \u00e0 la pointe de l&rsquo;innovation p\u00e9dagogique<\/strong>, elle a naturellement adh\u00e9r\u00e9 au projet de l&rsquo;association \u00ab\u00a0S&rsquo;orienter Ensemble\u00a0\u00bb en tant que volontaire. Sa connaissance des attentes des \u00e9l\u00e8ves et du monde \u00e9ducatif en g\u00e9n\u00e9ral sont un atout de taille pour la structure. <strong>Elle participe \u00e0 la cr\u00e9ation des programmes, leur validation et les anime<\/strong> sur son temps libre.<\/p>\n<p>&nbsp;<\/p>\n<p>&nbsp;<\/p>\n<hr \/>\n<figure id=\"attachment_1466\" aria-describedby=\"caption-attachment-1466\" style=\"width: 249px\" class=\"wp-caption alignleft\"><img loading=\"lazy\" class=\" wp-image-1466\" src=\"https:\/\/sorienterensemble.fr\/wp-content\/uploads\/2016\/02\/photo-Joelle-souli\u00e9-1-1-300x283.jpg\" alt=\"Jo\u00eblle Souli\u00e9 - volontaire\" width=\"249\" height=\"235\" srcset=\"https:\/\/sorienterensemble.fr\/wp-content\/uploads\/2016\/02\/photo-Joelle-souli\u00e9-1-1-300x283.jpg 300w, https:\/\/sorienterensemble.fr\/wp-content\/uploads\/2016\/02\/photo-Joelle-souli\u00e9-1-1.jpg 323w\" sizes=\"(max-width: 249px) 100vw, 249px\" \/><figcaption id=\"caption-attachment-1466\" class=\"wp-caption-text\">Jo\u00eblle Gaudry &#8211; Pr\u00e9sidente S&rsquo;orienter Ensemble<\/figcaption><\/figure>\n<p style=\"text-align: justify;\">Jeune retrait\u00e9e, <strong>Jo\u00eblle Gaudry<\/strong> a connu de multiples exp\u00e9riences professionnelles ; de g\u00e9n\u00e9ticienne \u00e0 <strong>coordinatrice au GRETA en passant par professeur de SVT en coll\u00e8ge<\/strong>. Ces deux derni\u00e8res exp\u00e9riences l&rsquo;ont amen\u00e9e \u00e0 c\u00f4toyer des jeunes en questionnement sur leur avenir ou en pleine r\u00e9orientation. Convaincue qu&rsquo;une bonne orientation est une orientation pr\u00e9par\u00e9e et se basant sur une bonne connaissance du monde professionnel, Jo\u00eblle s&rsquo;est retrouv\u00e9e dans les objectifs de \u00ab\u00a0S&rsquo;orienter Ensemble\u00a0\u00bb. Souhaitant rester active dans sa vie de jeune retrait\u00e9e, <strong>Jo\u00eblle apporte son exp\u00e9rience dans la validation des programmes et dans l&rsquo;animation de ces derniers<\/strong>.<\/p>\n","protected":false},"excerpt":{"rendered":"<p>Nullam ut tempor eros. Donec faucibus, velit et imperdiet aliquam, lacus velit luctus urna, vitae porttitor orci libero id felis.<\/p>\n","protected":false},"author":2,"featured_media":0,"parent":0,"menu_order":0,"comment_status":"closed","ping_status":"closed","template":"","meta":{"_monsterinsights_skip_tracking":false,"_monsterinsights_sitenote_active":false,"_monsterinsights_sitenote_note":"","_monsterinsights_sitenote_category":0},"_links":{"self":[{"href":"https:\/\/sorienterensemble.fr\/index.php\/wp-json\/wp\/v2\/pages\/21"}],"collection":[{"href":"https:\/\/sorienterensemble.fr\/index.php\/wp-json\/wp\/v2\/pages"}],"about":[{"href":"https:\/\/sorienterensemble.fr\/index.php\/wp-json\/wp\/v2\/types\/page"}],"author":[{"embeddable":true,"href":"https:\/\/sorienterensemble.fr\/index.php\/wp-json\/wp\/v2\/users\/2"}],"replies":[{"embeddable":true,"href":"https:\/\/sorienterensemble.fr\/index.php\/wp-json\/wp\/v2\/comments?post=21"}],"version-history":[{"count":33,"href":"https:\/\/sorienterensemble.fr\/index.php\/wp-json\/wp\/v2\/pages\/21\/revisions"}],"predecessor-version":[{"id":1520,"href":"https:\/\/sorienterensemble.fr\/index.php\/wp-json\/wp\/v2\/pages\/21\/revisions\/1520"}],"wp:attachment":[{"href":"https:\/\/sorienterensemble.fr\/index.php\/wp-json\/wp\/v2\/media?parent=21"}],"curies":[{"name":"wp","href":"https:\/\/api.w.org\/{rel}","templated":true}]}}